{"id":115,"date":"2015-06-08T10:42:36","date_gmt":"2015-06-08T10:42:36","guid":{"rendered":"http:\/\/freiherr-vom-stein.de\/fbereich1\/?page_id=115"},"modified":"2018-04-23T13:27:23","modified_gmt":"2018-04-23T13:27:23","slug":"spanisch","status":"publish","type":"page","link":"https:\/\/freiherr-vom-stein.de\/fbereich1\/spanisch\/","title":{"rendered":"Spanisch"},"content":{"rendered":"<p><span style=\"font-family: 'Lucida Handwriting', serif;\"><span style=\"font-size: medium;\"><b>Spanisch an der Freiherr-vom-Stein-Schule<\/b><\/span><\/span><\/p>\n<p align=\"justify\"><span style=\"font-size: medium;\">Die Freiherr-vom-Stein-Schule bietet Spanisch als 3. Fremdsprache im Rahmen des Wahlpflichtunterrichts an. <\/span><span style=\"font-size: medium;\">Der Wahlunterricht Spanisch richtet sich an sprachinteressierte Sch\u00fclerinnen und Sch\u00fcler ab der Klasse 9 (G9) und findet dreist\u00fcndig statt. Mit der Anmeldung verpflichten sich die Sch\u00fclerinnen und Sch\u00fcler, zwei Jahre regelm\u00e4\u00dfig am Spanischunterricht teilzunehmen. Wie in anderen fremdsprachlichen F\u00e4chern werden auch in Spanisch zwei Klassenarbeiten pro Schulhalbjahr geschrieben. Finden sich gen\u00fcgend Sch\u00fclerinnen und Sch\u00fcler, kann Spanisch bis ins Abitur belegt werden. <\/span><\/p>\n<p align=\"justify\"><span style=\"font-size: medium;\">F\u00fcr die Teilnahme am Spanischunterricht sind keine Vorkenntnisse erforderlich, da die 3.\u00a0Fremdsprache, wie zuvor auch Englisch, Franz\u00f6sisch, Italienisch oder Latein, mit den Grundlagen in Wortschatz und Grammatik beginnt. Zudem vermittelt der Unterricht <\/span><span style=\"font-size: medium;\">auch einen Einblick in das Leben und die Kultur in Spanien sowie Lateinamerika.<\/span><\/p>\n<p><span style=\"font-family: 'Lucida Handwriting', serif;\"><span style=\"font-size: medium;\"><b>Warum solltest Du Spanisch lernen?<\/b><\/span><\/span><\/p>\n<ul>\n<li><span style=\"font-size: medium;\">Spanisch ist eine Weltsprache. Auf <\/span><span style=\"font-size: medium;\">vier Kontinenten wird Spanisch gesprochen: Europa, S\u00fcdamerika, Nordamerika und Afrika.<\/span><\/li>\n<li><span style=\"font-size: medium;\">Mit 460 Millionen Sprechern ist Spanisch gleich nach Englisch und Chinesisch die am dritth\u00e4ufigsten gesprochene Sprache der Welt.<\/span><\/li>\n<li><span style=\"font-size: medium;\">Spanisch ist bereits Amtssprache in 22 L\u00e4ndern und verschiedenen Institutionen, wie zum Beispiel in der EU, UN und OAS.<\/span><\/li>\n<li><span style=\"font-size: medium;\">Spanisch ist eine der wichtigsten internationalen Handels- und Verkehrssprachen und somit eine wichtige Schl\u00fcsselqualifikation auf dem nationalen und internationalen Arbeitsmarkt.<\/span><\/li>\n<li><span style=\"font-size: medium;\">Spanisch als 3. Fremdsprache ist motivierend. Denn es stellt sich ein schneller Lernerfolg ein, da Du auf vorhandene Kenntnisse anderer Fremdsprachen zur\u00fcckgreifen kannst. <\/span><\/li>\n<li><span style=\"font-size: medium;\">Spanien ist eines der beliebtesten Urlaubsl\u00e4nder der Deutschen und auch Reisen nach Lateinamerika erfreuen sich zunehmender Beliebtheit.<\/span><\/li>\n<li><span style=\"font-size: medium;\">Spanisch ist die Sprache zahlreicher bekannter Autoren, K\u00fcnstler und Musiker: Literaturliebhaber haben sicherlich Werke wie Cervantes&#8216; \u201eDon Quijote\u201c oder Isabell Allendes \u201eLa casa de los espirit\u00fa\u201c gelesen, die die Weltliteratur gepr\u00e4gt haben. Kunstinteressierte k\u00f6nnen sich die genialen Werke von Pablo Picasso, Frida Kahlo oder Salvador Dal\u00ed sicherlich nicht wegdenken. Nicht zuletzt der Sommerhit <\/span><span style=\"font-size: medium;\"><i>Despacito<\/i><\/span><span style=\"font-size: medium;\"> von Luis Fonsi, hat wieder einmal unter Beweis gestellt, wie sehr wir auch in Deutschland spanische Musik lieben. <\/span><\/li>\n<\/ul>\n<p><span style=\"font-family: 'Lucida Handwriting', serif;\"><span style=\"font-size: medium;\"><b>Solltest Du Spanisch w\u00e4hlen?<\/b><\/span><\/span><\/p>\n<p><span style=\"font-size: medium;\">Du solltest Spanisch w\u00e4hlen, wenn\u2026<\/span><\/p>\n<ul>\n<li><span style=\"font-size: medium;\">du Spa\u00df an Sprachen hast.<\/span><\/li>\n<li><span style=\"font-size: medium;\">du dich f\u00fcr die spanische Sprache und Kultur interessierst.<\/span><\/li>\n<li><span style=\"font-size: medium;\">du bereit bist, neben deinem regul\u00e4ren Unterricht auch noch spanische Vokabeln und Grammatik zu lernen.<\/span><\/li>\n<li><span style=\"font-size: medium;\">du bereit bist, regelm\u00e4\u00dfig drei Schulstunden pro Woche am Nachmittag zum Spanischunterricht zu kommen.<\/span><\/li>\n<\/ul>\n","protected":false},"excerpt":{"rendered":"<p>Spanisch an der Freiherr-vom-Stein-Schule Die Freiherr-vom-Stein-Schule bietet Spanisch als 3. Fremdsprache im Rahmen des Wahlpflichtunterrichts an. Der Wahlunterricht Spanisch richtet sich an sprachinteressierte Sch\u00fclerinnen und Sch\u00fcler ab der Klasse 9 (G9) und findet dreist\u00fcndig statt. Mit der Anmeldung verpflichten sich die Sch\u00fclerinnen und Sch\u00fcler, zwei Jahre regelm\u00e4\u00dfig am Spanischunterricht teilzunehmen. Wie in anderen fremdsprachlichen F\u00e4chern [&hellip;]<\/p>\n","protected":false},"author":4,"featured_media":0,"parent":0,"menu_order":0,"comment_status":"open","ping_status":"closed","template":"","meta":{"ngg_post_thumbnail":0,"footnotes":""},"class_list":["post-115","page","type-page","status-publish","hentry"],"_links":{"self":[{"href":"https:\/\/freiherr-vom-stein.de\/fbereich1\/wp-json\/wp\/v2\/pages\/115","targetHints":{"allow":["GET"]}}],"collection":[{"href":"https:\/\/freiherr-vom-stein.de\/fbereich1\/wp-json\/wp\/v2\/pages"}],"about":[{"href":"https:\/\/freiherr-vom-stein.de\/fbereich1\/wp-json\/wp\/v2\/types\/page"}],"author":[{"embeddable":true,"href":"https:\/\/freiherr-vom-stein.de\/fbereich1\/wp-json\/wp\/v2\/users\/4"}],"replies":[{"embeddable":true,"href":"https:\/\/freiherr-vom-stein.de\/fbereich1\/wp-json\/wp\/v2\/comments?post=115"}],"version-history":[{"count":5,"href":"https:\/\/freiherr-vom-stein.de\/fbereich1\/wp-json\/wp\/v2\/pages\/115\/revisions"}],"predecessor-version":[{"id":345,"href":"https:\/\/freiherr-vom-stein.de\/fbereich1\/wp-json\/wp\/v2\/pages\/115\/revisions\/345"}],"wp:attachment":[{"href":"https:\/\/freiherr-vom-stein.de\/fbereich1\/wp-json\/wp\/v2\/media?parent=115"}],"curies":[{"name":"wp","href":"https:\/\/api.w.org\/{rel}","templated":true}]}}