{"id":73,"date":"2015-07-21T18:37:54","date_gmt":"2015-07-21T18:37:54","guid":{"rendered":"http:\/\/freiherr-vom-stein.de\/fbereich2\/?page_id=73"},"modified":"2015-09-14T11:33:58","modified_gmt":"2015-09-14T11:33:58","slug":"ethik","status":"publish","type":"page","link":"https:\/\/freiherr-vom-stein.de\/fbereich2\/ethik\/","title":{"rendered":"Ethik"},"content":{"rendered":"<p style=\"text-align: center\"><em>Heterogenit\u00e4t der Lerngruppen als Basis des Ethikunterrichts<\/em><\/p>\n<p>Ethik wird als Fach ab der 5ten Klasse den Sch\u00fcler_innen angeboten. Des Weiteren k\u00f6nnen Sch\u00fcler_innen, wenn sie Ethik ab der Einf\u00fchrungsphase\u00a0belegen, das schriftliche bzw. das m\u00fcndliche Abitur in Ethik ablegen. Ethikunterricht ist immer Kursunterricht, das bedeutet, dass die Sch\u00fcler_innen zwischen Ethik und katholischer bzw. evangelischer Religion w\u00e4hlen k\u00f6nnen. Gem\u00e4\u00df ihrer Wahl werden sie Kursen zugewiesen.<\/p>\n<p>Das Ziel des Ethikunterrichts ist die genannte Heterogenit\u00e4t der Gruppe zu ber\u00fccksichtigen und die Lerngruppe ins Unterrichtsgeschehen zu integrieren.\u00a0Durch lebensnahe sowie der\u00a0Pluralit\u00e4t des Werte- und Normengef\u00fcges gerecht werdende Themen werden die Sch\u00fcler_innen als Adressaten und Akteure des Unterrichts verstanden, indem sie ermutigt werden, komplexe moralisch relevante Fragen zu diskutieren und\u00a0zu beurteilen.<\/p>\n<p>&nbsp;<\/p>\n<p>&nbsp;<\/p>\n<p style=\"text-align: center\"><strong>Unterrichtsbeispiel<\/strong><\/p>\n<p style=\"text-align: center\">Beispiel 1: <em>Qualifikationsphase 2<\/em><\/p>\n<p style=\"text-align: center\"><a href=\"http:\/\/freiherr-vom-stein.de\/fbereich2\/files\/2015\/07\/Seite1.pdf\">kurze Erl\u00e4uterung der Stunde<\/a><\/p>\n<p style=\"text-align: center\"><a href=\"http:\/\/freiherr-vom-stein.de\/fbereich2\/files\/2015\/07\/Unterrichtsverlauf-14July14.pdf\">Unterrichtsverlauf<\/a><\/p>\n<p style=\"text-align: center\"><a href=\"http:\/\/freiherr-vom-stein.de\/fbereich2\/files\/2015\/07\/Aufgabe.pdf\">Aufgabe<\/a><\/p>\n<p style=\"text-align: center\"><a href=\"http:\/\/freiherr-vom-stein.de\/fbereich2\/files\/2015\/07\/Texte-a-b.pdf\">Texte-a-<\/a><a href=\"http:\/\/freiherr-vom-stein.de\/fbereich2\/files\/2015\/07\/Texte-a-b.pdf\">b<\/a><\/p>\n<p style=\"text-align: center\"><a href=\"http:\/\/freiherr-vom-stein.de\/fbereich2\/files\/2015\/07\/Text-c.pdf\">Text-c<\/a><\/p>\n<p style=\"text-align: center\"><strong>Beispiel einer Pr\u00e4sentationspr\u00fcfung mit kleinem Erwartungshorizont<\/strong><\/p>\n<p style=\"text-align: center\"><a href=\"http:\/\/freiherr-vom-stein.de\/fbereich2\/files\/2015\/07\/Abi_2014_E_1.pdfh_.pdf\">Pr\u00e4sentationspr\u00fcfung<\/a><\/p>\n<p>&nbsp;<\/p>\n","protected":false},"excerpt":{"rendered":"<p>Heterogenit\u00e4t der Lerngruppen als Basis des Ethikunterrichts Ethik wird als Fach ab der 5ten Klasse den Sch\u00fcler_innen angeboten. Des Weiteren k\u00f6nnen Sch\u00fcler_innen, wenn sie Ethik ab der Einf\u00fchrungsphase\u00a0belegen, das schriftliche bzw. das m\u00fcndliche Abitur in Ethik ablegen. Ethikunterricht ist immer Kursunterricht, das bedeutet, dass die Sch\u00fcler_innen zwischen Ethik und katholischer bzw. evangelischer Religion w\u00e4hlen k\u00f6nnen. [&hellip;]<\/p>\n","protected":false},"author":21,"featured_media":0,"parent":0,"menu_order":0,"comment_status":"open","ping_status":"open","template":"","meta":{"ngg_post_thumbnail":0,"footnotes":""},"class_list":["post-73","page","type-page","status-publish","hentry"],"_links":{"self":[{"href":"https:\/\/freiherr-vom-stein.de\/fbereich2\/wp-json\/wp\/v2\/pages\/73","targetHints":{"allow":["GET"]}}],"collection":[{"href":"https:\/\/freiherr-vom-stein.de\/fbereich2\/wp-json\/wp\/v2\/pages"}],"about":[{"href":"https:\/\/freiherr-vom-stein.de\/fbereich2\/wp-json\/wp\/v2\/types\/page"}],"author":[{"embeddable":true,"href":"https:\/\/freiherr-vom-stein.de\/fbereich2\/wp-json\/wp\/v2\/users\/21"}],"replies":[{"embeddable":true,"href":"https:\/\/freiherr-vom-stein.de\/fbereich2\/wp-json\/wp\/v2\/comments?post=73"}],"version-history":[{"count":8,"href":"https:\/\/freiherr-vom-stein.de\/fbereich2\/wp-json\/wp\/v2\/pages\/73\/revisions"}],"predecessor-version":[{"id":104,"href":"https:\/\/freiherr-vom-stein.de\/fbereich2\/wp-json\/wp\/v2\/pages\/73\/revisions\/104"}],"wp:attachment":[{"href":"https:\/\/freiherr-vom-stein.de\/fbereich2\/wp-json\/wp\/v2\/media?parent=73"}],"curies":[{"name":"wp","href":"https:\/\/api.w.org\/{rel}","templated":true}]}}